{"id":707,"date":"2025-12-03T13:33:34","date_gmt":"2025-12-03T12:33:34","guid":{"rendered":"https:\/\/www.icare-electronics.com\/privacy-policy\/"},"modified":"2026-02-05T15:53:06","modified_gmt":"2026-02-05T14:53:06","slug":"privacy-policy","status":"publish","type":"page","link":"https:\/\/www.icare-electronics.com\/fr\/privacy-policy\/","title":{"rendered":"Politique de confidentialit\u00e9"},"content":{"rendered":"\n<div class=\"wp-block-group alignfull icare-hero is-style-shade-left-bottom has-background has-global-padding is-layout-constrained wp-block-group-is-layout-constrained\" style=\"background:linear-gradient(180deg,rgb(255,255,255) 0%,rgb(247,248,253) 64%);margin-top:0;margin-bottom:0;padding-top:var(--wp--preset--spacing--medium);padding-bottom:var(--wp--preset--spacing--medium);--octopods-group-overlay-color:#1a3469;--octopods-group-overflow:hidden;--octopods-group-position:relative\">\n<div style=\"height:150px\" aria-hidden=\"true\" class=\"wp-block-spacer block-visibility-hide-small-screen\"><\/div>\n\n\n\n<div style=\"height:45px\" aria-hidden=\"true\" class=\"wp-block-spacer block-visibility-hide-large-screen block-visibility-hide-medium-screen\"><\/div>\n\n\n\n<div class=\"wp-block-group icare-hero__content has-global-padding is-layout-constrained wp-container-core-group-is-layout-da8ab678 wp-block-group-is-layout-constrained\" style=\"padding-top:var(--wp--preset--spacing--large);--octopods-group-z-index:2;aspect-ratio:unset;\">\n<div class=\"wp-block-group is-layout-flow wp-block-group-is-layout-flow\">\n<h1 class=\"wp-block-heading has-text-align-center\">Politique de confidentialit\u00e9<\/h1>\n\n\n\n<hr class=\"wp-block-separator has-text-color has-secondary-color has-alpha-channel-opacity has-secondary-background-color has-background is-style-default\" style=\"margin-top:var(--wp--preset--spacing--small);margin-bottom:var(--wp--preset--spacing--small)\"\/>\n\n\n\n<div style=\"height:30px\" aria-hidden=\"true\" class=\"wp-block-spacer block-visibility-hide-small-screen\"><\/div>\n<\/div>\n<\/div>\n<\/div>\n\n\n\n<div class=\"wp-block-group has-global-padding is-layout-constrained wp-block-group-is-layout-constrained\" style=\"padding-top:var(--wp--preset--spacing--large);padding-bottom:var(--wp--preset--spacing--large)\">\n<div class=\"wp-block-group has-global-padding is-layout-constrained wp-block-group-is-layout-constrained\" style=\"margin-top:var(--wp--preset--spacing--x-small);margin-bottom:var(--wp--preset--spacing--x-small);padding-top:var(--wp--preset--spacing--x-small);padding-bottom:var(--wp--preset--spacing--x-small)\">\n<h3 class=\"wp-block-heading\"><strong>Identit\u00e9<\/strong><\/h3>\n\n\n\n<p>I-care Electronics est une division d\u2019I-care.<\/p>\n\n\n\n<p>Il s\u2019agit du site web d\u2019I-care Electronics g\u00e9r\u00e9 par I-care Group.<\/p>\n\n\n\n<p>I-care Group (\u00ab I-care Group \u00bb ou le \u00ab Groupe \u00bb) d\u00e9signe I-care Holding SA, une soci\u00e9t\u00e9 constitu\u00e9e et existant selon le droit belge, dont le si\u00e8ge social est situ\u00e9 18 Rue Ren\u00e9 Descartes, B-7000 Mons, Belgique, et enregistr\u00e9e aupr\u00e8s de la Banque-Carrefour des Entreprises (BCE) sous le num\u00e9ro 0682.567.719, ainsi que ses filiales, o\u00f9 \u00ab Filiales \u00bb d\u00e9signe les soci\u00e9t\u00e9s sous le contr\u00f4le d\u2019I-care Holding SA. \u00ab Contr\u00f4le \u00bb signifie la possession, directement ou indirectement, du pouvoir de diriger ou de faire diriger la gestion ou les politiques d\u2019une soci\u00e9t\u00e9, que ce soit par la capacit\u00e9 d\u2019exercer plus de 50 % des droits de vote lors de l\u2019assembl\u00e9e g\u00e9n\u00e9rale de cette soci\u00e9t\u00e9, par contrat ou autrement, et \u00ab contr\u00f4lant \u00bb et \u00ab contr\u00f4l\u00e9 \u00bb ont des significations corr\u00e9latives.<\/p>\n\n\n\n<p>Nos coordonn\u00e9es l\u00e9gales pour l\u2019objet de cette Politique de confidentialit\u00e9 :<\/p>\n\n\n\n<p>I-care\u2122 SRL (\u00ab I-care SRL \u00bb)<\/p>\n\n\n\n<p>Rue Ren\u00e9 Descartes, 18 \u2013 7000 Mons, Belgique<\/p>\n\n\n\n<p>+32 65 45 72 14 \u2013&nbsp;<a href=\"mailto:info@www.icareweb.com\">info@icareweb.com<\/a><\/p>\n\n\n\n<p>BCE : 0867.368.951<\/p>\n\n\n\n<p>TVA : BE0867.368.951<\/p>\n\n\n\n<p>I-care SRL est une filiale 100 % contr\u00f4l\u00e9e par I-care Holding SA.<\/p>\n\n\n\n<p>Notre responsable de la protection des donn\u00e9es peut \u00eatre contact\u00e9 \u00e0 l\u2019adresse : <a>privacy@icareweb.com<\/a><\/p>\n\n\n\n<p>Derni\u00e8re mise \u00e0 jour : septembre 2022<\/p>\n<\/div>\n\n\n\n<div class=\"wp-block-group has-global-padding is-layout-constrained wp-block-group-is-layout-constrained\" style=\"margin-top:var(--wp--preset--spacing--x-small);margin-bottom:var(--wp--preset--spacing--x-small);padding-top:var(--wp--preset--spacing--x-small);padding-bottom:var(--wp--preset--spacing--x-small)\">\n<h3 class=\"wp-block-heading\"><strong>Introduction<\/strong><\/h3>\n\n\n\n<p>Les activit\u00e9s d\u2019I-care regroupent une famille de marques et de services, partageant toutes un focus particulier sur les besoins du secteur de la fabrication et de la maintenance industrielle. I-care Group s\u2019efforce de fournir \u00e0 son public des informations pertinentes et ad\u00e9quates pour promouvoir les bonnes pratiques dans ce secteur.<\/p>\n\n\n\n<p>I-care Group accorde une grande importance \u00e0 la confidentialit\u00e9 et souhaite que vous soyez inform\u00e9 sur la mani\u00e8re dont nous collectons, traitons, utilisons et prot\u00e9geons les informations.<\/p>\n\n\n\n<p>I-care SRL est le responsable du traitement des donn\u00e9es personnelles via ce site web. Le responsable du traitement d\u00e9signe I-care SRL qui, seul ou conjointement avec les filiales du Groupe ou d\u2019autres parties, d\u00e9termine les finalit\u00e9s et les moyens du traitement de vos donn\u00e9es personnelles.<\/p>\n\n\n\n<p>Cette politique de confidentialit\u00e9 d\u00e9crit nos pratiques concernant la collecte, le traitement, l\u2019utilisation et la protection des informations personnelles que vous nous fournissez lorsque vous visitez notre site web, nos pages sur les r\u00e9seaux sociaux, utilisez nos applications ou nous contactez.<\/p>\n<\/div>\n\n\n\n<div class=\"wp-block-group has-global-padding is-layout-constrained wp-block-group-is-layout-constrained\" style=\"margin-top:var(--wp--preset--spacing--x-small);margin-bottom:var(--wp--preset--spacing--x-small);padding-top:var(--wp--preset--spacing--x-small);padding-bottom:var(--wp--preset--spacing--x-small)\">\n<h3 class=\"wp-block-heading\"><strong>Donn\u00e9es personnelles<\/strong><\/h3>\n\n\n\n<p>I-care Group respecte votre vie priv\u00e9e et vos donn\u00e9es personnelles, conform\u00e9ment au r\u00e8glement UE 2016\/679, \u00e9galement appel\u00e9 R\u00e8glement g\u00e9n\u00e9ral sur la protection des donn\u00e9es (RGPD), en vigueur depuis le 25 mai 2018. Selon le RGPD, les donn\u00e9es personnelles sont des informations permettant d\u2019identifier une personne, comme le nom, l\u2019adresse, l\u2019adresse e-mail, le num\u00e9ro de t\u00e9l\u00e9phone, ou toute autre information d\u00e9finie comme donn\u00e9e personnelle, par exemple l\u2019adresse IP.<\/p>\n\n\n\n<p>Nous vous demandons de ne pas nous fournir de \u00ab donn\u00e9es sensibles \u00bb, c\u2019est-\u00e0-dire des donn\u00e9es r\u00e9v\u00e9lant l\u2019origine raciale ou ethnique, les opinions politiques, les convictions religieuses ou philosophiques ou l\u2019appartenance syndicale, des donn\u00e9es g\u00e9n\u00e9tiques, ou des donn\u00e9es concernant la sant\u00e9 ou la vie sexuelle. Les donn\u00e9es sensibles seront trait\u00e9es uniquement si vous les rendez manifestement publiques. Sinon, nous n\u2019avons pas l\u2019intention de traiter des donn\u00e9es sensibles.<\/p>\n<\/div>\n\n\n\n<div class=\"wp-block-group has-global-padding is-layout-constrained wp-block-group-is-layout-constrained\" style=\"margin-top:var(--wp--preset--spacing--x-small);margin-bottom:var(--wp--preset--spacing--x-small);padding-top:var(--wp--preset--spacing--x-small);padding-bottom:var(--wp--preset--spacing--x-small)\">\n<h3 class=\"wp-block-heading\"><strong>Port\u00e9e et consentement<\/strong><\/h3>\n\n\n\n<p>Cette Politique de confidentialit\u00e9 s\u2019applique \u00e0 toutes les personnes interagissant avec I-care Group, \u00e0 l\u2019exception des employ\u00e9s du Groupe pour lesquels nous renvoyons \u00e0 la politique RH sp\u00e9cifique.<\/p>\n\n\n\n<p>En fournissant des informations personnelles, vous comprenez et acceptez la collecte, le traitement, le transfert international et l\u2019utilisation de ces donn\u00e9es. Lorsque la loi l\u2019exige, nous demanderons votre consentement explicite. Vous pouvez toujours vous opposer \u00e0 l\u2019utilisation de vos donn\u00e9es personnelles \u00e0 des fins de marketing direct ou retirer tout consentement pr\u00e9c\u00e9demment accord\u00e9 en suivant les instructions de la section \u00ab Vos droits \u00bb.<\/p>\n<\/div>\n\n\n\n<div class=\"wp-block-group has-global-padding is-layout-constrained wp-block-group-is-layout-constrained\" style=\"margin-top:var(--wp--preset--spacing--x-small);margin-bottom:var(--wp--preset--spacing--x-small);padding-top:var(--wp--preset--spacing--x-small);padding-bottom:var(--wp--preset--spacing--x-small)\">\n<h3 class=\"wp-block-heading\"><strong>Collecte de donn\u00e9es<\/strong><\/h3>\n\n\n\n<p>Nous collectons des informations personnelles sur les personnes concern\u00e9es \u00e0 partir de diff\u00e9rentes sources. Lorsque vous visitez notre site web ou nous contactez, par exemple par e-mail, formulaire web ou inscription \u00e0 un \u00e9v\u00e9nement\/newsletter, les informations personnelles fournies sont stock\u00e9es. Nous collectons, entre autres, les informations suivantes :<\/p>\n\n\n\n<ul class=\"wp-block-list\">\n<li>Pr\u00e9nom et nom<\/li>\n\n\n\n<li>Adresse e-mail<\/li>\n\n\n\n<li>Num\u00e9ro de t\u00e9l\u00e9phone<\/li>\n\n\n\n<li>Soci\u00e9t\u00e9\/organisation pour laquelle la personne effectue sa demande<\/li>\n\n\n\n<li>Langue de communication pr\u00e9f\u00e9r\u00e9e<\/li>\n\n\n\n<li>Adresse IP<\/li>\n\n\n\n<li>Informations sur l\u2019utilisation du site web<\/li>\n<\/ul>\n\n\n\n<p>Vos donn\u00e9es personnelles sont collect\u00e9es, trait\u00e9es et partag\u00e9es de mani\u00e8re \u00e9quitable et l\u00e9gale et \u00e0 des fins sp\u00e9cifiques, d\u00e9taill\u00e9es ci-apr\u00e8s.<\/p>\n<\/div>\n\n\n\n<div class=\"wp-block-group has-global-padding is-layout-constrained wp-block-group-is-layout-constrained\" style=\"margin-top:var(--wp--preset--spacing--x-small);margin-bottom:var(--wp--preset--spacing--x-small);padding-top:var(--wp--preset--spacing--x-small);padding-bottom:var(--wp--preset--spacing--x-small)\">\n<h3 class=\"wp-block-heading\"><strong>Finalit\u00e9s de la collecte de donn\u00e9es<\/strong><\/h3>\n\n\n\n<p>Nous collectons et traitons des informations personnelles pour les finalit\u00e9s suivantes, et pour d\u2019autres finalit\u00e9s compatibles :<\/p>\n\n\n\n<ul class=\"wp-block-list\">\n<li>Fournir nos services et ex\u00e9cuter les contrats que nous avons (ou aurons) avec vous<\/li>\n\n\n\n<li>Envoyer des communications \u00e0 caract\u00e8re commercial ou non commercial, y compris le marketing direct<\/li>\n\n\n\n<li>Vous tenir inform\u00e9 des d\u00e9veloppements pertinents<\/li>\n\n\n\n<li>Gestion de la relation client<\/li>\n\n\n\n<li>Am\u00e9lioration du site web : maintenance, personnalisation et optimisation<\/li>\n\n\n\n<li>Suivi des r\u00e9clamations<\/li>\n\n\n\n<li>D\u00e9tection et protection contre la fraude, les erreurs, les comportements criminels ou ill\u00e9gaux et\/ou tout autre acte contraire aux conditions d\u2019utilisation de notre site<\/li>\n<\/ul>\n\n\n\n<p>I-care Group traite et stocke vos donn\u00e9es personnelles aussi longtemps que la loi l\u2019exige.<\/p>\n<\/div>\n\n\n\n<div class=\"wp-block-group has-global-padding is-layout-constrained wp-block-group-is-layout-constrained\" style=\"margin-top:var(--wp--preset--spacing--x-small);margin-bottom:var(--wp--preset--spacing--x-small);padding-top:var(--wp--preset--spacing--x-small);padding-bottom:var(--wp--preset--spacing--x-small)\">\n<h3 class=\"wp-block-heading\"><strong>Bases l\u00e9gales du traitement<\/strong><\/h3>\n\n\n\n<p>Nous collectons et traitons toujours les donn\u00e9es personnelles sur l\u2019une des bases l\u00e9gales suivantes :<\/p>\n\n\n\n<ul class=\"wp-block-list\">\n<li><strong>Obligation l\u00e9gale<\/strong> (RGPD, art. 6, par. 1, c) : le traitement est n\u00e9cessaire pour respecter une obligation l\u00e9gale<\/li>\n\n\n\n<li><strong>Ex\u00e9cution d\u2019un contrat<\/strong> (RGPD, art. 6, par. 1, b) : le traitement est n\u00e9cessaire pour l\u2019ex\u00e9cution d\u2019un contrat ou pour prendre des mesures pr\u00e9contractuelles<\/li>\n\n\n\n<li><strong>Int\u00e9r\u00eat l\u00e9gitime<\/strong> (RGPD, art. 6, par. 1, f) : I-care Group ou un tiers a un int\u00e9r\u00eat l\u00e9gitime \u00e0 traiter les donn\u00e9es, \u00e0 condition que cela ne porte pas atteinte de mani\u00e8re significative \u00e0 vos droits et libert\u00e9s<\/li>\n\n\n\n<li><strong>Consentement<\/strong> (RGPD, art. 6, par. 1, a) : vous avez donn\u00e9 votre consentement au traitement de vos donn\u00e9es personnelles, par exemple lors de l\u2019inscription \u00e0 une newsletter<\/li>\n<\/ul>\n\n\n\n<p>Pour faciliter l\u2019utilisation de notre site, nous utilisons des \u00ab cookies \u00bb. Ce sont de petits fichiers texte stock\u00e9s sur votre ordinateur par votre navigateur. Plus d\u2019informations sont disponibles dans notre politique relative aux cookies.<\/p>\n<\/div>\n\n\n\n<div class=\"wp-block-group has-global-padding is-layout-constrained wp-block-group-is-layout-constrained\" style=\"margin-top:var(--wp--preset--spacing--x-small);margin-bottom:var(--wp--preset--spacing--x-small);padding-top:var(--wp--preset--spacing--x-small);padding-bottom:var(--wp--preset--spacing--x-small)\">\n<h3 class=\"wp-block-heading\"><strong>S\u00e9curit\u00e9 des donn\u00e9es<\/strong><\/h3>\n\n\n\n<p>Nous appliquons des mesures techniques, physiques et organisationnelles adapt\u00e9es pour prot\u00e9ger vos informations personnelles, comme le contr\u00f4le d\u2019acc\u00e8s et les proc\u00e9dures de sauvegarde. Vos donn\u00e9es sont stock\u00e9es sur des serveurs s\u00e9curis\u00e9s situ\u00e9s en Europe de l\u2019Ouest.<\/p>\n<\/div>\n\n\n\n<div class=\"wp-block-group has-global-padding is-layout-constrained wp-block-group-is-layout-constrained\" style=\"margin-top:var(--wp--preset--spacing--x-small);margin-bottom:var(--wp--preset--spacing--x-small);padding-top:var(--wp--preset--spacing--x-small);padding-bottom:var(--wp--preset--spacing--x-small)\">\n<h3 class=\"wp-block-heading\"><strong>Partage des donn\u00e9es<\/strong><\/h3>\n\n\n\n<p>I-care Group s\u2019assure toujours que vos donn\u00e9es personnelles ne soient accessibles qu\u2019aux personnes ayant r\u00e9ellement besoin de ces informations.<\/p>\n\n\n\n<p>Les donn\u00e9es personnelles trait\u00e9es peuvent \u00eatre \u00e9chang\u00e9es entre diff\u00e9rentes entit\u00e9s du Groupe I-care situ\u00e9es dans diff\u00e9rents pays. Cela n\u2019inclut pas les transferts vers des pays officiellement consid\u00e9r\u00e9s comme insuffisants au regard de la r\u00e9glementation sur la protection des donn\u00e9es. Les donn\u00e9es peuvent \u00e9galement \u00eatre partag\u00e9es avec d\u2019autres sous-traitants ou co-responsables qui nous fournissent des services, dans la mesure o\u00f9 ils appartiennent \u00e0 une profession r\u00e9glement\u00e9e (comptables, auditeurs, avocats) ou ont confirm\u00e9 leur conformit\u00e9 au RGPD. Si ces sous-traitants tiers sont situ\u00e9s dans des pays consid\u00e9r\u00e9s comme insuffisants au regard de la r\u00e9glementation sur la protection des donn\u00e9es, nous prendrons des mesures pour garantir que vos donn\u00e9es personnelles b\u00e9n\u00e9ficient d\u2019un niveau de protection ad\u00e9quat, telles que les Binding Corporate Rules, les clauses contractuelles types ou les cadres EU\/Swiss \u2013 US Privacy Shield, ou nous demanderons votre autorisation sp\u00e9cifique.<\/p>\n\n\n\n<p>Nous pouvons \u00e9galement rendre des donn\u00e9es personnelles disponibles aux autorit\u00e9s publiques ou judiciaires, aux forces de l\u2019ordre et agences selon les exigences l\u00e9gales, y compris pour r\u00e9pondre aux besoins de s\u00e9curit\u00e9 nationale ou d\u2019application de la loi, et ce dans les pays o\u00f9 nous op\u00e9rons.<\/p>\n\n\n\n<p>Lorsque la loi le permet, nous pouvons divulguer ces informations \u00e0 des tiers (y compris des conseillers juridiques) si cela est n\u00e9cessaire pour l\u2019\u00e9tablissement, l\u2019exercice ou la d\u00e9fense de droits l\u00e9gaux, pour faire valoir nos droits, prot\u00e9ger nos biens ou les droits, biens ou s\u00e9curit\u00e9 d\u2019autrui, ou pour soutenir des audits externes, la conformit\u00e9 et la gouvernance d\u2019entreprise.<\/p>\n\n\n\n<p>Fusions et acquisitions \u2013 finance d\u2019entreprise : les donn\u00e9es personnelles peuvent \u00eatre transf\u00e9r\u00e9es \u00e0 une entit\u00e9 acqu\u00e9rant tout ou partie du capital ou des actifs du Groupe I-care ou de ses activit\u00e9s en cas de vente, fusion, liquidation, dissolution, introduction en bourse ou autre, ou \u00e0 une entit\u00e9 fournissant un financement au Groupe I-care.<\/p>\n<\/div>\n\n\n\n<div class=\"wp-block-group has-global-padding is-layout-constrained wp-block-group-is-layout-constrained\" style=\"margin-top:var(--wp--preset--spacing--x-small);margin-bottom:var(--wp--preset--spacing--x-small);padding-top:var(--wp--preset--spacing--x-small);padding-bottom:var(--wp--preset--spacing--x-small)\">\n<h3 class=\"wp-block-heading\"><strong>Dur\u00e9e de conservation<\/strong><\/h3>\n\n\n\n<p>Vos donn\u00e9es personnelles sont conserv\u00e9es conform\u00e9ment aux obligations l\u00e9gales ou, \u00e0 d\u00e9faut, pendant une dur\u00e9e maximale de 10 ans. \u00c0 l\u2019issue de cette p\u00e9riode, elles seront supprim\u00e9es ou anonymis\u00e9es.<\/p>\n<\/div>\n\n\n\n<div class=\"wp-block-group has-global-padding is-layout-constrained wp-block-group-is-layout-constrained\" style=\"margin-top:var(--wp--preset--spacing--x-small);margin-bottom:var(--wp--preset--spacing--x-small);padding-top:var(--wp--preset--spacing--x-small);padding-bottom:var(--wp--preset--spacing--x-small)\">\n<h3 class=\"wp-block-heading\"><strong>R\u00e9seaux sociaux<\/strong><\/h3>\n\n\n\n<p>Lorsque vous utilisez les boutons Facebook, LinkedIn ou YouTube, des informations sur votre identit\u00e9 sont automatiquement transmises \u00e0 ces r\u00e9seaux. Leur utilisation est r\u00e9gie par les conditions d\u2019utilisation de chaque r\u00e9seau.<\/p>\n<\/div>\n\n\n\n<div class=\"wp-block-group has-global-padding is-layout-constrained wp-block-group-is-layout-constrained\" style=\"margin-top:var(--wp--preset--spacing--x-small);margin-bottom:var(--wp--preset--spacing--x-small);padding-top:var(--wp--preset--spacing--x-small);padding-bottom:var(--wp--preset--spacing--x-small)\">\n<h3 class=\"wp-block-heading\"><strong>Vos droits<\/strong><\/h3>\n\n\n\n<p>Vous disposez des droits suivants :<\/p>\n\n\n\n<ul class=\"wp-block-list\">\n<li><strong>Droit d\u2019acc\u00e8s<\/strong> : demander l\u2019acc\u00e8s \u00e0 vos donn\u00e9es et obtenir une copie<\/li>\n\n\n\n<li><strong>Droit de rectification, suppression ou limitation<\/strong> : corriger ou restreindre le traitement de vos donn\u00e9es<\/li>\n\n\n\n<li><strong>Droit d\u2019opposition<\/strong> : vous opposer \u00e0 certaines utilisations de vos donn\u00e9es<\/li>\n\n\n\n<li><strong>Droit de retirer votre consentement<\/strong> : annuler votre consentement au traitement de vos donn\u00e9es ou \u00e0 l\u2019envoi de communications<\/li>\n\n\n\n<li><strong>Droit \u00e0 la portabilit\u00e9<\/strong> : recevoir vos donn\u00e9es dans un format lisible par machine et les transf\u00e9rer \u00e0 un autre responsable<\/li>\n<\/ul>\n\n\n\n<p>Pour exercer vos droits, vous pouvez contacter notre responsable de la protection des donn\u00e9es par e-mail \u00e0 l\u2019adresse : <a>privacy@icareweb.com<\/a>.<\/p>\n\n\n\n<p>Si vous effectuez une demande, nous nous engageons \u00e0 vous r\u00e9pondre sans d\u00e9lai excessif et, en tout \u00e9tat de cause, dans un d\u00e9lai d\u2019un mois \u00e0 compter de la r\u00e9ception de votre demande.<\/p>\n\n\n\n<p>Lors de l\u2019envoi de votre demande, vous devrez fournir une preuve appropri\u00e9e de votre identit\u00e9 (ex. : copie de votre passeport ou carte d\u2019identit\u00e9).<\/p>\n\n\n\n<p>Nous pouvons refuser les demandes d\u00e9raisonnables, susceptibles de compromettre la vie priv\u00e9e d\u2019autrui, ou lorsque l\u2019acc\u00e8s n\u2019est pas requis par la l\u00e9gislation applicable.<\/p>\n\n\n\n<p>Si I-care Group ne r\u00e9pond pas de mani\u00e8re satisfaisante \u00e0 vos questions, demandes ou pr\u00e9occupations, vous pouvez \u00e9galement d\u00e9poser une plainte aupr\u00e8s de l\u2019autorit\u00e9 de contr\u00f4le, sans pr\u00e9judice de tout autre recours administratif ou judiciaire :<\/p>\n\n\n\n<ul class=\"wp-block-list\">\n<li><strong>Autorit\u00e9 de protection des donn\u00e9es belge<\/strong><\/li>\n<\/ul>\n\n\n\n<ul class=\"wp-block-list\">\n<li>Drukpersstraat 35, 1000 Brussels<\/li>\n\n\n\n<li>T\u00e9l. +32 (0) 2 274 48 00<\/li>\n\n\n\n<li>Fax: +32 (0) 2 274 48 35<\/li>\n\n\n\n<li>Email:\u00a0<a href=\"mailto:contact@apd-gba.be\">contact@apd-gba.be<\/a><\/li>\n\n\n\n<li>Site web : www.autoriteprotectiondonnees.be<\/li>\n<\/ul>\n<\/div>\n\n\n\n<div class=\"wp-block-group has-global-padding is-layout-constrained wp-block-group-is-layout-constrained\" style=\"margin-top:var(--wp--preset--spacing--x-small);margin-bottom:var(--wp--preset--spacing--x-small);padding-top:var(--wp--preset--spacing--x-small);padding-bottom:var(--wp--preset--spacing--x-small)\">\n<h3 class=\"wp-block-heading\"><strong>Confidentialit\u00e9 des enfants<\/strong><\/h3>\n\n\n\n<p>Nos services ne s\u2019adressent pas aux moins de 16 ans. Nous ne collectons pas sciemment de donn\u00e9es personnelles aupr\u00e8s d\u2019enfants de moins de 16 ans. Si nous d\u00e9couvrons que cela s\u2019est produit, nous supprimons imm\u00e9diatement ces informations.<\/p>\n<\/div>\n\n\n\n<div class=\"wp-block-group has-global-padding is-layout-constrained wp-block-group-is-layout-constrained\" style=\"margin-top:var(--wp--preset--spacing--x-small);margin-bottom:var(--wp--preset--spacing--x-small);padding-top:var(--wp--preset--spacing--x-small);padding-bottom:var(--wp--preset--spacing--x-small)\">\n<h3 class=\"wp-block-heading\"><strong>Politiques de confidentialit\u00e9 des tiers<\/strong><\/h3>\n\n\n\n<p>Cette politique ne s\u2019applique pas aux publicitaires, sites web, outils, plugins ou cookies tiers. Nous vous invitons \u00e0 consulter leurs politiques respectives.<\/p>\n<\/div>\n\n\n\n<div class=\"wp-block-group has-global-padding is-layout-constrained wp-block-group-is-layout-constrained\" style=\"margin-top:var(--wp--preset--spacing--x-small);margin-bottom:var(--wp--preset--spacing--x-small);padding-top:var(--wp--preset--spacing--x-small);padding-bottom:var(--wp--preset--spacing--x-small)\">\n<h3 class=\"wp-block-heading\"><strong>Limitation de responsabilit\u00e9<\/strong><\/h3>\n\n\n\n<p>I-care Group prend toutes les mesures raisonnables pour prot\u00e9ger vos donn\u00e9es. Cependant, la transmission de donn\u00e9es via Internet comporte des risques et I-care Group ne pourra \u00eatre tenu responsable des dommages directs ou indirects r\u00e9sultant d\u2019une utilisation non autoris\u00e9e de vos donn\u00e9es.<\/p>\n<\/div>\n\n\n\n<div class=\"wp-block-group has-global-padding is-layout-constrained wp-block-group-is-layout-constrained\" style=\"margin-top:var(--wp--preset--spacing--x-small);margin-bottom:var(--wp--preset--spacing--x-small);padding-top:var(--wp--preset--spacing--x-small);padding-bottom:var(--wp--preset--spacing--x-small)\">\n<h3 class=\"wp-block-heading\"><strong>Modifications de la Politique de confidentialit\u00e9<\/strong><\/h3>\n\n\n\n<p>Nous pouvons mettre \u00e0 jour cette politique. Les modifications sont effectives d\u00e8s leur publication sur cette page. Nous vous conseillons de la consulter r\u00e9guli\u00e8rement.<\/p>\n<\/div>\n\n\n\n<div class=\"wp-block-group has-global-padding is-layout-constrained wp-block-group-is-layout-constrained\" style=\"margin-top:var(--wp--preset--spacing--x-small);margin-bottom:var(--wp--preset--spacing--x-small);padding-top:var(--wp--preset--spacing--x-small);padding-bottom:var(--wp--preset--spacing--x-small)\">\n<h3 class=\"wp-block-heading\"><strong>Contact<\/strong><\/h3>\n\n\n\n<p>Pour toute question ou suggestion concernant cette Politique de confidentialit\u00e9 : <a>privacy@icareweb.com<\/a><\/p>\n\n\n\n<p><a href=\"https:\/\/jobpage.cvwarehouse.com\/?companyGuid=a24ffcf5-b5fa-4bd8-87e6-f2f6b7d967c8&amp;lang=en-US\" target=\"_blank\" rel=\"noopener\"><\/a><\/p>\n<\/div>\n<\/div>\n","protected":false},"excerpt":{"rendered":"<p>Politique de confidentialit\u00e9 Identit\u00e9 I-care Electronics est une division d\u2019I-care. Il s\u2019agit du site web d\u2019I-care Electronics g\u00e9r\u00e9 par I-care Group. I-care Group (\u00ab I-care Group \u00bb ou le \u00ab Groupe \u00bb) d\u00e9signe I-care Holding SA, une soci\u00e9t\u00e9 constitu\u00e9e et existant selon le droit belge, dont le si\u00e8ge social est situ\u00e9 18 Rue Ren\u00e9 Descartes, [&hellip;]<\/p>\n","protected":false},"author":1,"featured_media":0,"parent":0,"menu_order":0,"comment_status":"closed","ping_status":"closed","template":"","meta":{"_seopress_robots_primary_cat":"","_seopress_titles_title":"","_seopress_titles_desc":"","_seopress_robots_index":"","footnotes":""},"class_list":["post-707","page","type-page","status-publish"],"_links":{"self":[{"href":"https:\/\/www.icare-electronics.com\/fr\/wp-json\/wp\/v2\/pages\/707","targetHints":{"allow":["GET"]}}],"collection":[{"href":"https:\/\/www.icare-electronics.com\/fr\/wp-json\/wp\/v2\/pages"}],"about":[{"href":"https:\/\/www.icare-electronics.com\/fr\/wp-json\/wp\/v2\/types\/page"}],"author":[{"embeddable":true,"href":"https:\/\/www.icare-electronics.com\/fr\/wp-json\/wp\/v2\/users\/1"}],"replies":[{"embeddable":true,"href":"https:\/\/www.icare-electronics.com\/fr\/wp-json\/wp\/v2\/comments?post=707"}],"version-history":[{"count":0,"href":"https:\/\/www.icare-electronics.com\/fr\/wp-json\/wp\/v2\/pages\/707\/revisions"}],"wp:attachment":[{"href":"https:\/\/www.icare-electronics.com\/fr\/wp-json\/wp\/v2\/media?parent=707"}],"curies":[{"name":"wp","href":"https:\/\/api.w.org\/{rel}","templated":true}]}}